{"id":56,"date":"2014-08-12T14:07:25","date_gmt":"2014-08-12T12:07:25","guid":{"rendered":"http:\/\/energiatan.hu\/?page_id=56"},"modified":"2026-03-19T14:51:54","modified_gmt":"2026-03-19T13:51:54","slug":"tanusitas","status":"publish","type":"page","link":"https:\/\/energiatan.hu\/?page_id=56","title":{"rendered":"Tan\u00fas\u00edt\u00e1s"},"content":{"rendered":"<p>Az energetikai tan\u00fas\u00edtv\u00e1ny k\u00e9sz\u00edt\u00e9se Magyarorsz\u00e1gon k\u00f6telez\u0151 bizonyos ingatlan\u00fcgyletek eset\u00e9n, els\u0151sorban a 176\/2008. (VI. 30.) Korm. rendelet alapj\u00e1n.<\/p>\n<p>Az energetikai tan\u00fas\u00edtv\u00e1ny c\u00e9lja az \u00e9p\u00fcletek energiafogyaszt\u00e1s\u00e1nak felm\u00e9r\u00e9se \u00e9s a hat\u00e9konys\u00e1g jav\u00edt\u00e1s\u00e1nak el\u0151seg\u00edt\u00e9se.<\/p>\n<p><strong>F\u0151 jelent\u0151s\u00e9ge<\/strong><\/p>\n<p class=\"my-2 [&amp;+p]:mt-4 [&amp;_strong:has(+br)]:inline-block [&amp;_strong:has(+br)]:pb-2\" style=\"padding-left: 40px;\">Seg\u00edt a vev\u0151knek \u00e9s b\u00e9rl\u0151knek eligazodni az ingatlan rezsik\u00f6lts\u00e9geiben, valamint \u00f6szt\u00f6nzi a fel\u00faj\u00edt\u00e1sokat a rosszabb besorol\u00e1s\u00fa \u00e9p\u00fcletekn\u00e9l.<br \/>\nA j\u00f3 besorol\u00e1s n\u00f6veli az ingatlan \u00e9rt\u00e9k\u00e9t \u00e9s kedvez\u0151bb hitelfelt\u00e9teleket eredm\u00e9nyezhet a bankokn\u00e1l.<\/p>\n<p><strong>Besorol\u00e1si oszt\u00e1lyok<\/strong><\/p>\n<p style=\"padding-left: 40px;\">Magyarorsz\u00e1gon az energetikai besorol\u00e1s k\u00e9t sk\u00e1l\u00e1n t\u00f6rt\u00e9nik 2024 \u00f3ta: az \u00f6sszes\u00edtett energetikai jellemz\u0151 (energiafogyaszt\u00e1s) \u00e9s a sz\u00e9n-dioxid-kibocs\u00e1t\u00e1s alapj\u00e1n, A+++ (legjobb) \u00e9s I (legrosszabb) k\u00f6z\u00f6tt.<\/p>\n<p class=\"my-2 [&amp;+p]:mt-4 [&amp;_strong:has(+br)]:inline-block [&amp;_strong:has(+br)]:pb-2\" style=\"padding-left: 40px;\">Az \u00f6sszes\u00edtett energetikai jellemz\u0151 sz\u00e1zal\u00e9kban m\u00e9ri a referencia\u00e9rt\u00e9khez k\u00e9pest:<\/p>\n<ul>\n<li style=\"list-style-type: none;\">\n<ul class=\"marker:text-quiet list-disc pl-8\">\n<li class=\"py-0 my-0 prose-p:pt-0 prose-p:mb-2 prose-p:my-0 [&amp;&gt;p]:pt-0 [&amp;&gt;p]:mb-2 [&amp;&gt;p]:my-0\">\n<p class=\"my-2 [&amp;+p]:mt-4 [&amp;_strong:has(+br)]:inline-block [&amp;_strong:has(+br)]:pb-2\">A+++ (\u2264 0%): Nulla energiaig\u00e9ny\u0171 (pl. napelemes negat\u00edv egyens\u00faly).<\/p>\n<\/li>\n<li class=\"py-0 my-0 prose-p:pt-0 prose-p:mb-2 prose-p:my-0 [&amp;&gt;p]:pt-0 [&amp;&gt;p]:mb-2 [&amp;&gt;p]:my-0\">\n<p class=\"my-2 [&amp;+p]:mt-4 [&amp;_strong:has(+br)]:inline-block [&amp;_strong:has(+br)]:pb-2\">A++ (1\u201350%): Minim\u00e1lis ig\u00e9ny\u0171.<\/p>\n<\/li>\n<li class=\"py-0 my-0 prose-p:pt-0 prose-p:mb-2 prose-p:my-0 [&amp;&gt;p]:pt-0 [&amp;&gt;p]:mb-2 [&amp;&gt;p]:my-0\">\n<p class=\"my-2 [&amp;+p]:mt-4 [&amp;_strong:has(+br)]:inline-block [&amp;_strong:has(+br)]:pb-2\">A+ (51\u201390%): Kiemelked\u0151 hat\u00e9konys\u00e1g\u00fa.<\/p>\n<\/li>\n<li class=\"py-0 my-0 prose-p:pt-0 prose-p:mb-2 prose-p:my-0 [&amp;&gt;p]:pt-0 [&amp;&gt;p]:mb-2 [&amp;&gt;p]:my-0\">\n<p class=\"my-2 [&amp;+p]:mt-4 [&amp;_strong:has(+br)]:inline-block [&amp;_strong:has(+br)]:pb-2\">A (91\u2013100%): K\u00f6zel nulla ig\u00e9ny\u0171.<\/p>\n<\/li>\n<li class=\"py-0 my-0 prose-p:pt-0 prose-p:mb-2 prose-p:my-0 [&amp;&gt;p]:pt-0 [&amp;&gt;p]:mb-2 [&amp;&gt;p]:my-0\">\n<p class=\"my-2 [&amp;+p]:mt-4 [&amp;_strong:has(+br)]:inline-block [&amp;_strong:has(+br)]:pb-2\">B (101\u2013130%): Megfelel\u0151 k\u00f6zel nulla.<\/p>\n<\/li>\n<li class=\"py-0 my-0 prose-p:pt-0 prose-p:mb-2 prose-p:my-0 [&amp;&gt;p]:pt-0 [&amp;&gt;p]:mb-2 [&amp;&gt;p]:my-0\">\n<p class=\"my-2 [&amp;+p]:mt-4 [&amp;_strong:has(+br)]:inline-block [&amp;_strong:has(+br)]:pb-2\">C (131\u2013160%): Korszer\u0171.<\/p>\n<\/li>\n<li class=\"py-0 my-0 prose-p:pt-0 prose-p:mb-2 prose-p:my-0 [&amp;&gt;p]:pt-0 [&amp;&gt;p]:mb-2 [&amp;&gt;p]:my-0\">\n<p class=\"my-2 [&amp;+p]:mt-4 [&amp;_strong:has(+br)]:inline-block [&amp;_strong:has(+br)]:pb-2\">D (161\u2013200%): Korszer\u0171t megk\u00f6zel\u00edt\u0151.<\/p>\n<\/li>\n<li class=\"py-0 my-0 prose-p:pt-0 prose-p:mb-2 prose-p:my-0 [&amp;&gt;p]:pt-0 [&amp;&gt;p]:mb-2 [&amp;&gt;p]:my-0\">\n<p class=\"my-2 [&amp;+p]:mt-4 [&amp;_strong:has(+br)]:inline-block [&amp;_strong:has(+br)]:pb-2\">E (201\u2013250%): \u00c1tlagosn\u00e1l jobb.<\/p>\n<\/li>\n<li class=\"py-0 my-0 prose-p:pt-0 prose-p:mb-2 prose-p:my-0 [&amp;&gt;p]:pt-0 [&amp;&gt;p]:mb-2 [&amp;&gt;p]:my-0\">\n<p class=\"my-2 [&amp;+p]:mt-4 [&amp;_strong:has(+br)]:inline-block [&amp;_strong:has(+br)]:pb-2\">F (251\u2013310%): \u00c1tlagos (magyar \u00e1tlag).<\/p>\n<\/li>\n<\/ul>\n<\/li>\n<\/ul>\n<p id=\"co-kibocstsi-skla\" class=\"font-editorial font-bold mb-2 mt-4 [.has-inline-images_&amp;]:clear-end text-lg first:mt-0 md:text-lg [hr+&amp;]:mt-4\" style=\"padding-left: 40px;\">CO\u2082-kibocs\u00e1t\u00e1si sk\u00e1la<\/p>\n<p class=\"my-2 [&amp;+p]:mt-4 [&amp;_strong:has(+br)]:inline-block [&amp;_strong:has(+br)]:pb-2\" style=\"padding-left: 80px;\">Hasonl\u00f3 sz\u00e1zal\u00e9kos sk\u00e1la, de CO\u2082-ra f\u00f3kusz\u00e1l (pl. A+++ \u2264 0 kg\/m\u00b2\u00e9v, I &gt;100 kg\/m\u00b2\u00e9v), \u00faj \u00e9p\u00fcletekn\u00e9l szigor\u00fabb limitekkel (max. 20 kg\/m\u00b2\u00e9v).<\/p>\n<p style=\"text-align: justify;\"><strong>Mikor sz\u00fcks\u00e9ges elk\u00e9sz\u00edttetni az energetikai tan\u00fas\u00edtv\u00e1nyt?<\/strong><\/p>\n<p style=\"padding-left: 40px;\">Energetikai tan\u00fas\u00edtv\u00e1ny sz\u00fcks\u00e9ges \u00faj \u00e9p\u00fclet \u00e9p\u00edt\u00e9sekor (haszn\u00e1latbav\u00e9teli enged\u00e9lyhez), megl\u00e9v\u0151 ingatlan elad\u00e1sakor, valamint egy \u00e9ven t\u00fali (tart\u00f3s) b\u00e9rbead\u00e1sakor.<br \/>\nEmellett p\u00e1ly\u00e1zatokhoz (pl. otthonfel\u00faj\u00edt\u00e1s) vagy 500 m\u00b2 feletti \u00e1llami k\u00f6zhaszn\u00e1lat\u00fa \u00e9p\u00fcletekn\u00e9l is kellhet.<\/p>\n<p style=\"padding-left: 40px;\">Az energetikai tan\u00fas\u00edtv\u00e1nyok felt\u00f6lt\u00e9sre ker\u00fclnek az orsz\u00e1gos elektronikus nyilv\u00e1ntart\u00e1sba.<\/p>\n<p style=\"text-align: justify;\"><strong>Milyen \u00e9p\u00fcletekre nem terjed ki a k\u00f6vetelm\u00e9ny?<\/strong><\/p>\n<p style=\"padding-left: 40px;\">Nem kell tan\u00fas\u00edtv\u00e1ny 50 m\u00b2 alatti \u00f6n\u00e1ll\u00f3 \u00e9p\u00fcletekn\u00e9l, \u00e9vente 4 h\u00f3napn\u00e1l r\u00f6videbb haszn\u00e1lat\u00fa nyaral\u00f3kn\u00e1l, hit\u00e9leti, mez\u0151gazdas\u00e1gi (alacsony energiaig\u00e9ny\u0171) \u00e9p\u00fcletekn\u00e9l, felvonul\u00e1si vagy max. 2 \u00e9ves ideig haszn\u00e1lt szerkezetekn\u00e9l.<br \/>\nEgy \u00e9vn\u00e9l r\u00f6videbb b\u00e9rlet vagy m\u0171helyek eset\u00e9ben sem k\u00f6telez\u0151.<\/p>\n<p><a title=\"\u00c1raj\u00e1nlat\" href=\"http:\/\/energiatan.hu\/?page_id=42\">K\u00c9RJEN \u00c1RAJ\u00c1NLATOT<\/a><\/p>\n","protected":false},"excerpt":{"rendered":"<p>Az energetikai tan\u00fas\u00edtv\u00e1ny k\u00e9sz\u00edt\u00e9se Magyarorsz\u00e1gon k\u00f6telez\u0151 bizonyos ingatlan\u00fcgyletek eset\u00e9n, els\u0151sorban a 176\/2008. (VI. 30.) Korm. rendelet alapj\u00e1n. Az energetikai tan\u00fas\u00edtv\u00e1ny c\u00e9lja az \u00e9p\u00fcletek energiafogyaszt\u00e1s\u00e1nak felm\u00e9r\u00e9se \u00e9s a hat\u00e9konys\u00e1g jav\u00edt\u00e1s\u00e1nak el\u0151seg\u00edt\u00e9se. F\u0151 jelent\u0151s\u00e9ge Seg\u00edt a vev\u0151knek \u00e9s b\u00e9rl\u0151knek eligazodni az ingatlan rezsik\u00f6lts\u00e9geiben, valamint \u00f6szt\u00f6nzi a fel\u00faj\u00edt\u00e1sokat a rosszabb besorol\u00e1s\u00fa \u00e9p\u00fcletekn\u00e9l. A j\u00f3 besorol\u00e1s n\u00f6veli az ingatlan [&hellip;]<\/p>\n","protected":false},"author":1,"featured_media":0,"parent":0,"menu_order":0,"comment_status":"closed","ping_status":"closed","template":"","meta":{"_monsterinsights_skip_tracking":false,"_monsterinsights_sitenote_active":false,"_monsterinsights_sitenote_note":"","_monsterinsights_sitenote_category":0,"footnotes":""},"class_list":["post-56","page","type-page","status-publish","hentry","post"],"_links":{"self":[{"href":"https:\/\/energiatan.hu\/index.php?rest_route=\/wp\/v2\/pages\/56","targetHints":{"allow":["GET"]}}],"collection":[{"href":"https:\/\/energiatan.hu\/index.php?rest_route=\/wp\/v2\/pages"}],"about":[{"href":"https:\/\/energiatan.hu\/index.php?rest_route=\/wp\/v2\/types\/page"}],"author":[{"embeddable":true,"href":"https:\/\/energiatan.hu\/index.php?rest_route=\/wp\/v2\/users\/1"}],"replies":[{"embeddable":true,"href":"https:\/\/energiatan.hu\/index.php?rest_route=%2Fwp%2Fv2%2Fcomments&post=56"}],"version-history":[{"count":14,"href":"https:\/\/energiatan.hu\/index.php?rest_route=\/wp\/v2\/pages\/56\/revisions"}],"predecessor-version":[{"id":157,"href":"https:\/\/energiatan.hu\/index.php?rest_route=\/wp\/v2\/pages\/56\/revisions\/157"}],"wp:attachment":[{"href":"https:\/\/energiatan.hu\/index.php?rest_route=%2Fwp%2Fv2%2Fmedia&parent=56"}],"curies":[{"name":"wp","href":"https:\/\/api.w.org\/{rel}","templated":true}]}}